{"id":473,"date":"2018-05-08T11:41:19","date_gmt":"2018-05-08T11:41:19","guid":{"rendered":"https:\/\/www.emmera.be\/mra\/?page_id=473"},"modified":"2018-05-08T11:47:31","modified_gmt":"2018-05-08T11:47:31","slug":"security-awareness-culture-de-la-securite","status":"publish","type":"page","link":"https:\/\/www.emmera.be\/mra\/index.php\/fr\/security-awareness-culture-de-la-securite\/","title":{"rendered":"Security Awareness &#8211; Culture de la s\u00e9curit\u00e9"},"content":{"rendered":"<p><strong>\u201cCyber Security is no longer just about technology, but about People&#8221;\u00a0<\/strong>(Lance Spitzner Intenational security awareness specialist)<\/p>\n<p>&#8220;<strong>La cybers\u00e9curit\u00e9 ne concerne plus seulement la technologie, mais les personnes<\/strong>&#8221; (Lance Spitzner, sp\u00e9cialiste international de la sensibilisation \u00e0 la s\u00e9curit\u00e9)<\/p>\n<p><img loading=\"lazy\" decoding=\"async\" class=\"alignnone wp-image-283 size-medium\" src=\"https:\/\/www.emmera.be\/mra\/wp-content\/uploads\/2018\/03\/security-awareness-2-EN-767x484-300x189.png\" alt=\"Security Awareness\" width=\"300\" height=\"189\" srcset=\"https:\/\/www.emmera.be\/mra\/wp-content\/uploads\/2018\/03\/security-awareness-2-EN-767x484-300x189.png 300w, https:\/\/www.emmera.be\/mra\/wp-content\/uploads\/2018\/03\/security-awareness-2-EN-767x484.png 767w\" sizes=\"auto, (max-width: 300px) 100vw, 300px\" \/><\/p>\n<p>L&#8217;humain est l&#8217;\u00e9l\u00e9ment le plus important de notre s\u00e9curit\u00e9.<\/p>\n<p>C&#8217;est pourquoi nous DEVONS aborder la s\u00e9curit\u00e9 avec les personnes, et pas seulement d&#8217;une mani\u00e8re technique.<\/p>\n<ul>\n<li>Pourquoi les gens cliquent-ils sur un lien dans un courrier d&#8217;hame\u00e7onnage?<\/li>\n<li>Pourquoi garde-t-on la porte ouverte \u00e0 un inconnu entrant dans nos locaux?<\/li>\n<li>Pourquoi accepterait-on de transf\u00e9rer des fonds \u00e0 la suite d&#8217;un appel t\u00e9l\u00e9phonique du pr\u00e9sum\u00e9 CEO?<\/li>\n<li>Pourquoi les employ\u00e9s contournent-ils les r\u00e8gles de s\u00e9curit\u00e9?<\/li>\n<\/ul>\n<p>Chaque jour, les entreprises font face \u00e0 une menace importante pour la s\u00e9curit\u00e9. 70% de ces menaces proviennent du comportement humain. Pour que les gens agissent de mani\u00e8re efficace, nous devons\u00a0 adapter ou changer leur comportement. Nous devons les aider \u00e0 changer.<\/p>\n<p><img loading=\"lazy\" decoding=\"async\" class=\"alignnone wp-image-168 size-thumbnail\" src=\"https:\/\/www.emmera.be\/mra\/wp-content\/uploads\/2018\/02\/equilibre-150x150.jpg\" alt=\"Changer les comportements\" width=\"150\" height=\"150\" \/><\/p>\n<p>\u00c0 mesure que les menaces \u00e9voluent, les organisations doivent faire tout ce qu&#8217;elles peuvent pour int\u00e9grer et maintenir des comportements de s\u00e9curit\u00e9 plus r\u00e9silients dans leur organisation. L&#8217;apprentissage de la s\u00e9curit\u00e9 n&#8217;est plus un exercice de checklist, il a besoin d&#8217;\u00eatre constamment actualis\u00e9 et test\u00e9,.\u00a0 Il lui faut une approche sur mesure con\u00e7ue pour r\u00e9pondre aux besoins de l&#8217;individu et pour faire changer positivement son comportement.<\/p>\n<p>Si les employ\u00e9s d&#8217;une entreprise apprennent \u00e0 am\u00e9liorer leur comportement en terme de s\u00e9curit\u00e9, ceux-ci seront plus en s\u00e9curit\u00e9, tout autant que\u00a0 l&#8217;entreprise.<\/p>\n<h2><span style=\"color: #3366ff;\">Comment pouvons nous vous aider dans votre programme de\u00a0 sensibilisation ?<\/span><\/h2>\n<p>&nbsp;<\/p>\n<p>Notre \u00e9quipe exp\u00e9riment\u00e9e travaille avec des psychologues, criminologues,\u00a0 sp\u00e9cialistes du comportement humain, communicateurs, experts en s\u00e9curit\u00e9,\u00a0 informaticien, etc.<\/p>\n<p>Des contacts fr\u00e9quents avec les autorit\u00e9s et les acteurs r\u00e9gionaux \/ f\u00e9d\u00e9raux (FCCU, Police, agences Intel, etc.) nous aident \u00e0 avoir un aper\u00e7u des menaces et des attaques du monde r\u00e9el.<\/p>\n<p><span style=\"text-decoration: underline;\">Nous vous ais-dons de diff\u00e9rentes fa\u00e7ons :<\/span><\/p>\n<p>\u00c0 partir d&#8217;une petite action, une introduction \u00e0 votre personnel ou \u00e0 votre direction (m\u00eame la direction doit \u00eatre au courant) jusqu&#8217;\u00e0 l&#8217;\u00e9laboration d&#8217;un programme complet de sensibilisation et de changement de comportement nous allons \u00e9tablir votre strat\u00e9gie de sensibilisation pour les ann\u00e9es \u00e0 venir.<\/p>\n<p><img loading=\"lazy\" decoding=\"async\" class=\"aligncenter wp-image-324 size-medium\" src=\"https:\/\/www.emmera.be\/mra\/wp-content\/uploads\/2018\/03\/awareness-session-1-e1520333152481-207x300.jpg\" alt=\"Formations \u00e0 la s\u00e9curit\u00e9 - sensibilisation\" width=\"207\" height=\"300\" srcset=\"https:\/\/www.emmera.be\/mra\/wp-content\/uploads\/2018\/03\/awareness-session-1-e1520333152481-207x300.jpg 207w, https:\/\/www.emmera.be\/mra\/wp-content\/uploads\/2018\/03\/awareness-session-1-e1520333152481-276x400.jpg 276w, https:\/\/www.emmera.be\/mra\/wp-content\/uploads\/2018\/03\/awareness-session-1-e1520333152481.jpg 583w\" sizes=\"auto, (max-width: 207px) 100vw, 207px\" \/><\/p>\n<p>Certaines de nos actions \/ certains de nos services :<\/p>\n<ul>\n<li>Session de sensibilisation \u00e0 la cybers\u00e9curit\u00e9 pour l&#8217;\u00e9quipe de direction<\/li>\n<li>\u00c9v\u00e9nement de sensibilisation \u00e0 la s\u00e9curit\u00e9 \u00e0 impact \u00e9lev\u00e9 pour lancer une campagne<\/li>\n<li>\u00c9laboration d&#8217;une campagne de sensibilisation annuelle,<\/li>\n<li>Actions sp\u00e9cifiques sur un sujet: Fermer les portes, porter des badges, d\u00e9tecter un courrier d&#8217;hame\u00e7onnage, s\u00e9curiser l&#8217;utilisation des appareils mobiles, \u00eatre vigilant et discret, d\u00e9tecter une surveillance ou un comportement hostile &#8230;<\/li>\n<li>Construire et d\u00e9marrer une strat\u00e9gie de sensibilisation compl\u00e8te (y compris le c\u00f4t\u00e9 organisationnel)<\/li>\n<li>S\u00e9ances de sensibilisation interactives et \u00e0 impact \u00e9lev\u00e9 pour les employ\u00e9s<\/li>\n<li>Test sur le terrain (p\u00e9n\u00e9tration du b\u00e2timent en utilisant l&#8217;ing\u00e9nierie sociale et la persuasion, exercices en Red Team, tests de p\u00e9n\u00e9tration non techniques, etc.)<\/li>\n<li>Confidentialit\u00e9 des donn\u00e9es &#8211; initiation au GDPR et formation<\/li>\n<li>Formation pour les personnes manipulant des informations sensibles<\/li>\n<li>Confidentialit\u00e9 pour les employ\u00e9s &#8211; le management<\/li>\n<li>Programme des champions de la s\u00e9curit\u00e9<\/li>\n<li>&#8230;<\/li>\n<\/ul>\n<p>La seule fa\u00e7on de diminuer les risques de s\u00e9curit\u00e9 dans une entreprise est d&#8217;investir dans les humains, avec l&#8217;aide de la technologie.<\/p>\n<p>&nbsp;<\/p>\n<p><img loading=\"lazy\" decoding=\"async\" class=\"aligncenter wp-image-287 size-thumbnail\" src=\"https:\/\/www.emmera.be\/mra\/wp-content\/uploads\/2018\/03\/huma-tech1-150x150.jpg\" alt=\"Human and technology\" width=\"150\" height=\"150\" srcset=\"https:\/\/www.emmera.be\/mra\/wp-content\/uploads\/2018\/03\/huma-tech1-150x150.jpg 150w, https:\/\/www.emmera.be\/mra\/wp-content\/uploads\/2018\/03\/huma-tech1-100x100.jpg 100w\" sizes=\"auto, (max-width: 150px) 100vw, 150px\" \/><\/p>\n<p>Voulez-vous que vos collaborateurs soient plus conscients de la s\u00e9curit\u00e9? Vous voulez qu&#8217;ils acqui\u00e8rent des r\u00e9flexes bons et s\u00e9curis\u00e9s? Vous voulez garder votre entreprise \u00e0 vous? N&#8217;attends pas. <a href=\"https:\/\/www.emmera.be\/mra\/index.php\/fr\/contactez-nous\/\" target=\"_blank\" rel=\"noopener\">Contactez-nous<\/a> maintenant pour des conseils .<\/p>\n<p>&#8220;Mettre l&#8217;accent sur le changement des personnes et le changement des comportements avec la conviction que la protection des donn\u00e9es de l&#8217;entreprise est la responsabilit\u00e9 de tous.&#8221;<\/p>\n<h3>N&#8217;h\u00e9sitez plus, <a href=\"https:\/\/www.emmera.be\/mra\/index.php\/fr\/contactez-nous\/\" target=\"_blank\" rel=\"noopener\">contactez nous<\/a> maintenant !<\/h3>\n<p>&nbsp;<\/p>\n","protected":false},"excerpt":{"rendered":"<p>\u201cCyber Security is no longer just about technology, but about People&#8221;\u00a0(Lance Spitzner Intenational security awareness specialist) &#8220;La cybers\u00e9curit\u00e9 ne concerne plus seulement la technologie, mais les personnes&#8221; (Lance Spitzner, sp\u00e9cialiste international de la sensibilisation \u00e0 la s\u00e9curit\u00e9) L&#8217;humain est l&#8217;\u00e9l\u00e9ment le plus important de notre s\u00e9curit\u00e9. C&#8217;est pourquoi nous DEVONS aborder la s\u00e9curit\u00e9 avec les &hellip; <\/p>\n<p class=\"link-more\"><a href=\"https:\/\/www.emmera.be\/mra\/index.php\/fr\/security-awareness-culture-de-la-securite\/\" class=\"more-link\">Continue reading<span class=\"screen-reader-text\"> &#8220;Security Awareness &#8211; Culture de la s\u00e9curit\u00e9&#8221;<\/span><\/a><\/p>\n","protected":false},"author":1,"featured_media":0,"parent":0,"menu_order":0,"comment_status":"closed","ping_status":"closed","template":"","meta":{"jetpack_post_was_ever_published":false,"footnotes":""},"class_list":["post-473","page","type-page","status-publish","hentry"],"yoast_head":"<!-- This site is optimized with the Yoast SEO plugin v24.9 - https:\/\/yoast.com\/wordpress\/plugins\/seo\/ -->\n<title>Sensibilisation - Awareness - Culture s\u00e9curit\u00e9 - Human centric security<\/title>\n<meta name=\"description\" content=\"L&#039;\u00eatre humain est l&#039;\u00e9l\u00e9ment le plus important de notre s\u00e9curit\u00e9. La sensibilisation \u00e0 la s\u00e9curit\u00e9 (security awareness) est primordiale. Emmera vous aide \u00e0 sensibiliser vos collaborateurs, \u00e0 les former. Nous vous aidons \u00e0 cr\u00e9er votre programme de sensibilisation et de formation, selon vos besoins.\" \/>\n<meta name=\"robots\" content=\"index, follow, max-snippet:-1, max-image-preview:large, max-video-preview:-1\" \/>\n<link rel=\"canonical\" href=\"https:\/\/www.emmera.be\/mra\/index.php\/fr\/security-awareness-culture-de-la-securite\/\" \/>\n<meta property=\"og:locale\" content=\"en_GB\" \/>\n<meta property=\"og:type\" content=\"article\" \/>\n<meta property=\"og:title\" content=\"Sensibilisation - Awareness - Culture s\u00e9curit\u00e9 - Human centric security\" \/>\n<meta property=\"og:description\" content=\"L&#039;\u00eatre humain est l&#039;\u00e9l\u00e9ment le plus important de notre s\u00e9curit\u00e9. La sensibilisation \u00e0 la s\u00e9curit\u00e9 (security awareness) est primordiale. Emmera vous aide \u00e0 sensibiliser vos collaborateurs, \u00e0 les former. Nous vous aidons \u00e0 cr\u00e9er votre programme de sensibilisation et de formation, selon vos besoins.\" \/>\n<meta property=\"og:url\" content=\"https:\/\/www.emmera.be\/mra\/index.php\/fr\/security-awareness-culture-de-la-securite\/\" \/>\n<meta property=\"og:site_name\" content=\"EMMERA\" \/>\n<meta property=\"article:modified_time\" content=\"2018-05-08T11:47:31+00:00\" \/>\n<meta property=\"og:image\" content=\"https:\/\/www.emmera.be\/mra\/wp-content\/uploads\/2018\/03\/security-awareness-2-EN-767x484-300x189.png\" \/>\n<meta name=\"twitter:card\" content=\"summary_large_image\" \/>\n<meta name=\"twitter:label1\" content=\"Estimated reading time\" \/>\n\t<meta name=\"twitter:data1\" content=\"3 minutes\" \/>\n<script type=\"application\/ld+json\" class=\"yoast-schema-graph\">{\"@context\":\"https:\/\/schema.org\",\"@graph\":[{\"@type\":\"WebPage\",\"@id\":\"https:\/\/www.emmera.be\/mra\/index.php\/fr\/security-awareness-culture-de-la-securite\/\",\"url\":\"https:\/\/www.emmera.be\/mra\/index.php\/fr\/security-awareness-culture-de-la-securite\/\",\"name\":\"Sensibilisation - Awareness - Culture s\u00e9curit\u00e9 - Human centric security\",\"isPartOf\":{\"@id\":\"https:\/\/www.emmera.be\/mra\/#website\"},\"primaryImageOfPage\":{\"@id\":\"https:\/\/www.emmera.be\/mra\/index.php\/fr\/security-awareness-culture-de-la-securite\/#primaryimage\"},\"image\":{\"@id\":\"https:\/\/www.emmera.be\/mra\/index.php\/fr\/security-awareness-culture-de-la-securite\/#primaryimage\"},\"thumbnailUrl\":\"https:\/\/www.emmera.be\/mra\/wp-content\/uploads\/2018\/03\/security-awareness-2-EN-767x484-300x189.png\",\"datePublished\":\"2018-05-08T11:41:19+00:00\",\"dateModified\":\"2018-05-08T11:47:31+00:00\",\"description\":\"L'\u00eatre humain est l'\u00e9l\u00e9ment le plus important de notre s\u00e9curit\u00e9. La sensibilisation \u00e0 la s\u00e9curit\u00e9 (security awareness) est primordiale. Emmera vous aide \u00e0 sensibiliser vos collaborateurs, \u00e0 les former. Nous vous aidons \u00e0 cr\u00e9er votre programme de sensibilisation et de formation, selon vos besoins.\",\"breadcrumb\":{\"@id\":\"https:\/\/www.emmera.be\/mra\/index.php\/fr\/security-awareness-culture-de-la-securite\/#breadcrumb\"},\"inLanguage\":\"en-GB\",\"potentialAction\":[{\"@type\":\"ReadAction\",\"target\":[\"https:\/\/www.emmera.be\/mra\/index.php\/fr\/security-awareness-culture-de-la-securite\/\"]}]},{\"@type\":\"ImageObject\",\"inLanguage\":\"en-GB\",\"@id\":\"https:\/\/www.emmera.be\/mra\/index.php\/fr\/security-awareness-culture-de-la-securite\/#primaryimage\",\"url\":\"https:\/\/www.emmera.be\/mra\/wp-content\/uploads\/2018\/03\/security-awareness-2-EN-767x484.png\",\"contentUrl\":\"https:\/\/www.emmera.be\/mra\/wp-content\/uploads\/2018\/03\/security-awareness-2-EN-767x484.png\",\"width\":767,\"height\":484},{\"@type\":\"BreadcrumbList\",\"@id\":\"https:\/\/www.emmera.be\/mra\/index.php\/fr\/security-awareness-culture-de-la-securite\/#breadcrumb\",\"itemListElement\":[{\"@type\":\"ListItem\",\"position\":1,\"name\":\"Home\",\"item\":\"https:\/\/www.emmera.be\/mra\/\"},{\"@type\":\"ListItem\",\"position\":2,\"name\":\"Security Awareness &#8211; Culture de la s\u00e9curit\u00e9\"}]},{\"@type\":\"WebSite\",\"@id\":\"https:\/\/www.emmera.be\/mra\/#website\",\"url\":\"https:\/\/www.emmera.be\/mra\/\",\"name\":\"EMMERA\",\"description\":\"Security Risk Data Protection\",\"publisher\":{\"@id\":\"https:\/\/www.emmera.be\/mra\/#organization\"},\"potentialAction\":[{\"@type\":\"SearchAction\",\"target\":{\"@type\":\"EntryPoint\",\"urlTemplate\":\"https:\/\/www.emmera.be\/mra\/?s={search_term_string}\"},\"query-input\":{\"@type\":\"PropertyValueSpecification\",\"valueRequired\":true,\"valueName\":\"search_term_string\"}}],\"inLanguage\":\"en-GB\"},{\"@type\":\"Organization\",\"@id\":\"https:\/\/www.emmera.be\/mra\/#organization\",\"name\":\"Emmera\",\"url\":\"https:\/\/www.emmera.be\/mra\/\",\"logo\":{\"@type\":\"ImageObject\",\"inLanguage\":\"en-GB\",\"@id\":\"https:\/\/www.emmera.be\/mra\/#\/schema\/logo\/image\/\",\"url\":\"https:\/\/www.emmera.be\/mra\/wp-content\/uploads\/2017\/09\/Emmera.png\",\"contentUrl\":\"https:\/\/www.emmera.be\/mra\/wp-content\/uploads\/2017\/09\/Emmera.png\",\"width\":361,\"height\":127,\"caption\":\"Emmera\"},\"image\":{\"@id\":\"https:\/\/www.emmera.be\/mra\/#\/schema\/logo\/image\/\"}}]}<\/script>\n<!-- \/ Yoast SEO plugin. -->","yoast_head_json":{"title":"Sensibilisation - Awareness - Culture s\u00e9curit\u00e9 - Human centric security","description":"L'\u00eatre humain est l'\u00e9l\u00e9ment le plus important de notre s\u00e9curit\u00e9. La sensibilisation \u00e0 la s\u00e9curit\u00e9 (security awareness) est primordiale. Emmera vous aide \u00e0 sensibiliser vos collaborateurs, \u00e0 les former. Nous vous aidons \u00e0 cr\u00e9er votre programme de sensibilisation et de formation, selon vos besoins.","robots":{"index":"index","follow":"follow","max-snippet":"max-snippet:-1","max-image-preview":"max-image-preview:large","max-video-preview":"max-video-preview:-1"},"canonical":"https:\/\/www.emmera.be\/mra\/index.php\/fr\/security-awareness-culture-de-la-securite\/","og_locale":"en_GB","og_type":"article","og_title":"Sensibilisation - Awareness - Culture s\u00e9curit\u00e9 - Human centric security","og_description":"L'\u00eatre humain est l'\u00e9l\u00e9ment le plus important de notre s\u00e9curit\u00e9. La sensibilisation \u00e0 la s\u00e9curit\u00e9 (security awareness) est primordiale. Emmera vous aide \u00e0 sensibiliser vos collaborateurs, \u00e0 les former. Nous vous aidons \u00e0 cr\u00e9er votre programme de sensibilisation et de formation, selon vos besoins.","og_url":"https:\/\/www.emmera.be\/mra\/index.php\/fr\/security-awareness-culture-de-la-securite\/","og_site_name":"EMMERA","article_modified_time":"2018-05-08T11:47:31+00:00","og_image":[{"url":"https:\/\/www.emmera.be\/mra\/wp-content\/uploads\/2018\/03\/security-awareness-2-EN-767x484-300x189.png","type":"","width":"","height":""}],"twitter_card":"summary_large_image","twitter_misc":{"Estimated reading time":"3 minutes"},"schema":{"@context":"https:\/\/schema.org","@graph":[{"@type":"WebPage","@id":"https:\/\/www.emmera.be\/mra\/index.php\/fr\/security-awareness-culture-de-la-securite\/","url":"https:\/\/www.emmera.be\/mra\/index.php\/fr\/security-awareness-culture-de-la-securite\/","name":"Sensibilisation - Awareness - Culture s\u00e9curit\u00e9 - Human centric security","isPartOf":{"@id":"https:\/\/www.emmera.be\/mra\/#website"},"primaryImageOfPage":{"@id":"https:\/\/www.emmera.be\/mra\/index.php\/fr\/security-awareness-culture-de-la-securite\/#primaryimage"},"image":{"@id":"https:\/\/www.emmera.be\/mra\/index.php\/fr\/security-awareness-culture-de-la-securite\/#primaryimage"},"thumbnailUrl":"https:\/\/www.emmera.be\/mra\/wp-content\/uploads\/2018\/03\/security-awareness-2-EN-767x484-300x189.png","datePublished":"2018-05-08T11:41:19+00:00","dateModified":"2018-05-08T11:47:31+00:00","description":"L'\u00eatre humain est l'\u00e9l\u00e9ment le plus important de notre s\u00e9curit\u00e9. La sensibilisation \u00e0 la s\u00e9curit\u00e9 (security awareness) est primordiale. Emmera vous aide \u00e0 sensibiliser vos collaborateurs, \u00e0 les former. Nous vous aidons \u00e0 cr\u00e9er votre programme de sensibilisation et de formation, selon vos besoins.","breadcrumb":{"@id":"https:\/\/www.emmera.be\/mra\/index.php\/fr\/security-awareness-culture-de-la-securite\/#breadcrumb"},"inLanguage":"en-GB","potentialAction":[{"@type":"ReadAction","target":["https:\/\/www.emmera.be\/mra\/index.php\/fr\/security-awareness-culture-de-la-securite\/"]}]},{"@type":"ImageObject","inLanguage":"en-GB","@id":"https:\/\/www.emmera.be\/mra\/index.php\/fr\/security-awareness-culture-de-la-securite\/#primaryimage","url":"https:\/\/www.emmera.be\/mra\/wp-content\/uploads\/2018\/03\/security-awareness-2-EN-767x484.png","contentUrl":"https:\/\/www.emmera.be\/mra\/wp-content\/uploads\/2018\/03\/security-awareness-2-EN-767x484.png","width":767,"height":484},{"@type":"BreadcrumbList","@id":"https:\/\/www.emmera.be\/mra\/index.php\/fr\/security-awareness-culture-de-la-securite\/#breadcrumb","itemListElement":[{"@type":"ListItem","position":1,"name":"Home","item":"https:\/\/www.emmera.be\/mra\/"},{"@type":"ListItem","position":2,"name":"Security Awareness &#8211; Culture de la s\u00e9curit\u00e9"}]},{"@type":"WebSite","@id":"https:\/\/www.emmera.be\/mra\/#website","url":"https:\/\/www.emmera.be\/mra\/","name":"EMMERA","description":"Security Risk Data Protection","publisher":{"@id":"https:\/\/www.emmera.be\/mra\/#organization"},"potentialAction":[{"@type":"SearchAction","target":{"@type":"EntryPoint","urlTemplate":"https:\/\/www.emmera.be\/mra\/?s={search_term_string}"},"query-input":{"@type":"PropertyValueSpecification","valueRequired":true,"valueName":"search_term_string"}}],"inLanguage":"en-GB"},{"@type":"Organization","@id":"https:\/\/www.emmera.be\/mra\/#organization","name":"Emmera","url":"https:\/\/www.emmera.be\/mra\/","logo":{"@type":"ImageObject","inLanguage":"en-GB","@id":"https:\/\/www.emmera.be\/mra\/#\/schema\/logo\/image\/","url":"https:\/\/www.emmera.be\/mra\/wp-content\/uploads\/2017\/09\/Emmera.png","contentUrl":"https:\/\/www.emmera.be\/mra\/wp-content\/uploads\/2017\/09\/Emmera.png","width":361,"height":127,"caption":"Emmera"},"image":{"@id":"https:\/\/www.emmera.be\/mra\/#\/schema\/logo\/image\/"}}]}},"jetpack_sharing_enabled":true,"jetpack_shortlink":"https:\/\/wp.me\/P9bOTr-7D","_links":{"self":[{"href":"https:\/\/www.emmera.be\/mra\/index.php\/wp-json\/wp\/v2\/pages\/473","targetHints":{"allow":["GET"]}}],"collection":[{"href":"https:\/\/www.emmera.be\/mra\/index.php\/wp-json\/wp\/v2\/pages"}],"about":[{"href":"https:\/\/www.emmera.be\/mra\/index.php\/wp-json\/wp\/v2\/types\/page"}],"author":[{"embeddable":true,"href":"https:\/\/www.emmera.be\/mra\/index.php\/wp-json\/wp\/v2\/users\/1"}],"replies":[{"embeddable":true,"href":"https:\/\/www.emmera.be\/mra\/index.php\/wp-json\/wp\/v2\/comments?post=473"}],"version-history":[{"count":4,"href":"https:\/\/www.emmera.be\/mra\/index.php\/wp-json\/wp\/v2\/pages\/473\/revisions"}],"predecessor-version":[{"id":477,"href":"https:\/\/www.emmera.be\/mra\/index.php\/wp-json\/wp\/v2\/pages\/473\/revisions\/477"}],"wp:attachment":[{"href":"https:\/\/www.emmera.be\/mra\/index.php\/wp-json\/wp\/v2\/media?parent=473"}],"curies":[{"name":"wp","href":"https:\/\/api.w.org\/{rel}","templated":true}]}}